{"id":286,"date":"2016-10-31T13:17:59","date_gmt":"2016-10-31T16:17:59","guid":{"rendered":"https:\/\/ieslaboulaye-cba.infd.edu.ar\/sitio\/?page_id=286"},"modified":"2022-08-08T21:01:46","modified_gmt":"2022-08-09T00:01:46","slug":"inicio","status":"publish","type":"page","link":"https:\/\/ieslaboulaye-cba.infd.edu.ar\/sitio\/","title":{"rendered":"Inicio"},"content":{"rendered":"<h1>Se publican en Secci\u00f3n Noticias las convocatorias docentes en el marco de la Res. Minsterial 194\/20<\/h1>\n<p>Para mayor informaci\u00f3n dirigirse a ieseduardolefebvre@gmail.com<\/p>\n<p><strong>Documentos para descargar:<\/strong><\/p>\n<pre><a href=\"https:\/\/ieslaboulaye-cba.infd.edu.ar\/sitio\/wp-content\/uploads\/2020\/06\/INSTRUCTIVO-COB-HORAS-N-SUPERIOR-resoluci\u00f3n-194.pdf\">INSTRUCTIVO COB HORAS N SUPERIOR-resoluci\u00f3n 194<\/a>\n\n<a href=\"https:\/\/ieslaboulaye-cba.infd.edu.ar\/sitio\/wp-content\/uploads\/2020\/06\/FormatoCV-\u00faltimo.doc\">FormatoCV( \u00faltimo)<\/a>\n\n<a href=\"https:\/\/ieslaboulaye-cba.infd.edu.ar\/sitio\/wp-content\/uploads\/2020\/06\/Form_Insc_194-2020.docx\">Form_Insc_194-2020<\/a><\/pre>\n<p><a href=\"https:\/\/ieslaboulaye-cba.infd.edu.ar\/sitio\/wp-content\/uploads\/2020\/06\/RESOL.-MIN.-194-20.pdf\">RESOL. MIN. 194-20<\/a><\/p>\n<div style=\"width: 480px;\" class=\"wp-video\"><!--[if lt IE 9]><script>document.createElement('video');<\/script><![endif]-->\n<video class=\"wp-video-shortcode\" id=\"video-286-1\" width=\"480\" height=\"320\" preload=\"metadata\" controls=\"controls\"><source type=\"video\/mp4\" src=\"https:\/\/ieslaboulaye-cba.infd.edu.ar\/sitio\/wp-content\/uploads\/2018\/10\/Video.mp4?_=1\" \/><a href=\"https:\/\/ieslaboulaye-cba.infd.edu.ar\/sitio\/wp-content\/uploads\/2018\/10\/Video.mp4\">https:\/\/ieslaboulaye-cba.infd.edu.ar\/sitio\/wp-content\/uploads\/2018\/10\/Video.mp4<\/a><\/video><\/div>\n<div id=\"metaslider-id-403\" style=\"width: 100%;\" class=\"ml-slider-3-33-0 metaslider metaslider-flex metaslider-403 ml-slider ms-theme-default\" role=\"region\" aria-roledescription=\"Slideshow\" aria-label=\"Slideshow\">\n    <div id=\"metaslider_container_403\">\n        <div id=\"metaslider_403\" class=\"flexslider\">\n            <ul aria-live=\"polite\" class=\"slides\">\n                <li style=\"display: block; width: 100%;\" class=\"slide-607 ms-image\" aria-roledescription=\"slide\" aria-label=\"slide-607\"><a href=\"https:\/\/mapa.infd.edu.ar\/\" target=\"_blank\"><img src=\"https:\/\/ieslaboulaye-cba.infd.edu.ar\/sitio\/wp-content\/uploads\/2018\/06\/mapa_infd6-1100x200.png\" height=\"200\" width=\"1100\" alt=\"\" class=\"slider-403 slide-607\" title=\"mapa_infd6\" \/><\/a><\/li>\n                <li style=\"display: none; width: 100%;\" class=\"slide-609 ms-image\" aria-roledescription=\"slide\" aria-label=\"slide-609\"><a href=\"https:\/\/www.argentina.gob.ar\/educacion\/becas\" target=\"_blank\"><img src=\"https:\/\/ieslaboulaye-cba.infd.edu.ar\/sitio\/wp-content\/uploads\/2018\/06\/becas7-1100x200.png\" height=\"200\" width=\"1100\" alt=\"\" class=\"slider-403 slide-609\" title=\"becas7\" \/><\/a><\/li>\n                <li style=\"display: none; width: 100%;\" class=\"slide-635 ms-image\" aria-roledescription=\"slide\" aria-label=\"slide-635\"><a href=\"https:\/\/www.argentina.gob.ar\/tema\/estudiar\/formacion-docencia\" target=\"_blank\"><img src=\"https:\/\/ieslaboulaye-cba.infd.edu.ar\/sitio\/wp-content\/uploads\/2018\/06\/convocatorias_slide6-1-1100x200.png\" height=\"200\" width=\"1100\" alt=\"\" class=\"slider-403 slide-635\" title=\"convocatorias_slide6-1\" \/><\/a><\/li>\n            <\/ul>\n        <\/div>\n        \n    <\/div>\n<\/div>\n<p style=\"color: #5457ab;\"><strong><span style=\"font-family: verdana,geneva; font-size: 12pt;\"><em>\u00abEl deseo de saber implica el reconocimiento de la existencia de lo desconocido, a la vez que la esperanza de aprehenderlo\u00bb <\/em><\/span><\/strong><\/p>\n<p style=\"text-align: right; color: #5457ab;\"><strong><span style=\"font-family: verdana,geneva; font-size: 12pt;\"><em>Sonia Abadi<\/em><\/span><\/strong><\/p>\n<p style=\"text-align: center;\">&nbsp;&nbsp;&nbsp;&nbsp;&nbsp;&nbsp;&nbsp;&nbsp;&nbsp;&nbsp;&nbsp;&nbsp;&nbsp;&nbsp;<span style=\"font-family: verdana,geneva; font-size: 12pt;\"><em><img decoding=\"async\" loading=\"lazy\" style=\"float: left;\" title=\"Frente del instituto\" src=\"https:\/\/ieslaboulaye-cba.infd.edu.ar\/sitio\/wp-content\/uploads\/2018\/08\/Frente-nocturno2.jpg\" border=\"0\" alt=\"Frente del instituto\" width=\"504\" height=\"312\"><\/em><\/span>&nbsp;&nbsp;&nbsp;&nbsp;&nbsp;&nbsp;&nbsp;&nbsp;&nbsp;&nbsp;&nbsp;&nbsp;&nbsp;&nbsp;&nbsp;&nbsp;&nbsp;&nbsp;&nbsp;&nbsp;&nbsp;&nbsp;&nbsp;&nbsp;&nbsp;&nbsp;&nbsp;&nbsp;&nbsp;<\/p>\n<p style=\"text-align: left; color: #5457ab;\">&nbsp;<\/p>\n<table id=\"table1\" style=\"text-align: center; width: 500px;\" border=\"1\" cellspacing=\"0\" cellpadding=\"10\">\n<tbody>\n<tr>\n<td style=\"border: 1px solid;\">\n<p>&nbsp;<\/p>\n<p><span style=\"font-size: 10pt; color: #000000; font-family: Verdana;\">E<\/span><span style=\"font-size: 10pt; color: #000000; font-family: Verdana;\">ste Instituto Superior de Formaci&oacute;n Docente forma parte del sistema de educaci&oacute;n p&uacute;blica de gesti&oacute;n estatal.<\/span><\/p>\n<p><span style=\"font-size: 10pt; color: #000000; font-family: Verdana;\">A trav&eacute;s de este sitio en Internet, nuestro Instituto podr&aacute; comunicar novedades, acercar informaci&oacute;n, compartir experiencias y brindar apoyo y asesoramiento a&nbsp;alumnos, docentes e interesados en formar parte de esta comunidad educativa.<\/span><\/p>\n<p><span style=\"font-size: 14pt; color: #000000; font-family: Verdana;\"><img decoding=\"async\" src=\"https:\/\/ieslaboulaye-cba.infd.edu.ar\/sitio\/wp-content\/uploads\/2018\/08\/la_red.jpg\" border=\"0\" alt=\"Red virtual\" hspace=\"10\"><\/span><span style=\"font-size: 10pt; color: #000000; font-family: Verdana;\">Junto con varios cientos de Institutos, integramos la <strong><em><span style=\"font-family: Verdana;\">Red&nbsp;Virtual de Institutos Superiores de Formaci&oacute;n Docente<\/span><\/em><\/strong>&nbsp;coordinada por el <strong><span style=\"font-family: Verdana;\">INFD<\/span><\/strong> (Instituto Nacional de Formaci&oacute;n Docente) dependiente del Ministerio de Educaci&oacute;n de la Naci&oacute;n Argentina.<\/span><\/td>\n<\/tr>\n<\/tbody>\n<\/table>\n","protected":false},"excerpt":{"rendered":"<p>Se publican en Secci\u00f3n Noticias las convocatorias docentes en el marco de la Res. Minsterial 194\/20 Para mayor informaci\u00f3n dirigirse a ieseduardolefebvre@gmail.com Documentos para descargar: INSTRUCTIVO COB HORAS N SUPERIOR-resoluci\u00f3n 194 FormatoCV( \u00faltimo) Form_Insc_194-2020 RESOL. MIN. 194-20 \u00abEl deseo de saber implica el reconocimiento de la existencia de lo desconocido, a la vez que la &#8230; <a title=\"Inicio\" class=\"read-more\" href=\"https:\/\/ieslaboulaye-cba.infd.edu.ar\/sitio\/\" aria-label=\"More on Inicio\">[+]<\/a><\/p>\n","protected":false},"author":1,"featured_media":0,"parent":0,"menu_order":0,"comment_status":"closed","ping_status":"closed","template":"","meta":[],"acf":[],"_links":{"self":[{"href":"https:\/\/ieslaboulaye-cba.infd.edu.ar\/sitio\/wp-json\/wp\/v2\/pages\/286"}],"collection":[{"href":"https:\/\/ieslaboulaye-cba.infd.edu.ar\/sitio\/wp-json\/wp\/v2\/pages"}],"about":[{"href":"https:\/\/ieslaboulaye-cba.infd.edu.ar\/sitio\/wp-json\/wp\/v2\/types\/page"}],"author":[{"embeddable":true,"href":"https:\/\/ieslaboulaye-cba.infd.edu.ar\/sitio\/wp-json\/wp\/v2\/users\/1"}],"replies":[{"embeddable":true,"href":"https:\/\/ieslaboulaye-cba.infd.edu.ar\/sitio\/wp-json\/wp\/v2\/comments?post=286"}],"version-history":[{"count":91,"href":"https:\/\/ieslaboulaye-cba.infd.edu.ar\/sitio\/wp-json\/wp\/v2\/pages\/286\/revisions"}],"predecessor-version":[{"id":1109,"href":"https:\/\/ieslaboulaye-cba.infd.edu.ar\/sitio\/wp-json\/wp\/v2\/pages\/286\/revisions\/1109"}],"wp:attachment":[{"href":"https:\/\/ieslaboulaye-cba.infd.edu.ar\/sitio\/wp-json\/wp\/v2\/media?parent=286"}],"curies":[{"name":"wp","href":"https:\/\/api.w.org\/{rel}","templated":true}]}}